{"version":"1.0","provider_name":"Radio Rum\u00e4nien International","provider_url":"https:\/\/www.rri.ro\/de","author_name":"Newsroom","author_url":"https:\/\/www.rri.ro\/de\/author\/newsroom","title":"Nachrichten 25.03.2019 - Radio Rum\u00e4nien International","type":"rich","width":600,"height":338,"html":"<blockquote class=\"wp-embedded-content\" data-secret=\"WUr21VNteY\"><a href=\"https:\/\/www.rri.ro\/de\/aktuell\/newsflash-de\/nachrichten-25-03-2019-id633070.html\">Nachrichten 25.03.2019<\/a><\/blockquote><iframe sandbox=\"allow-scripts\" security=\"restricted\" src=\"https:\/\/www.rri.ro\/de\/aktuell\/newsflash-de\/nachrichten-25-03-2019-id633070.html\/embed#?secret=WUr21VNteY\" width=\"600\" height=\"338\" title=\"&#8222;Nachrichten 25.03.2019&#8220; &#8211; Radio Rum\u00e4nien International\" data-secret=\"WUr21VNteY\" frameborder=\"0\" marginwidth=\"0\" marginheight=\"0\" scrolling=\"no\" class=\"wp-embedded-content\"><\/iframe><script type=\"text\/javascript\">\n\/* <![CDATA[ *\/\n\/*! This file is auto-generated *\/\n!function(d,l){\"use strict\";l.querySelector&&d.addEventListener&&\"undefined\"!=typeof URL&&(d.wp=d.wp||{},d.wp.receiveEmbedMessage||(d.wp.receiveEmbedMessage=function(e){var t=e.data;if((t||t.secret||t.message||t.value)&&!\/[^a-zA-Z0-9]\/.test(t.secret)){for(var s,r,n,a=l.querySelectorAll('iframe[data-secret=\"'+t.secret+'\"]'),o=l.querySelectorAll('blockquote[data-secret=\"'+t.secret+'\"]'),c=new RegExp(\"^https?:$\",\"i\"),i=0;i<o.length;i++)o[i].style.display=\"none\";for(i=0;i<a.length;i++)s=a[i],e.source===s.contentWindow&&(s.removeAttribute(\"style\"),\"height\"===t.message?(1e3<(r=parseInt(t.value,10))?r=1e3:~~r<200&&(r=200),s.height=r):\"link\"===t.message&&(r=new URL(s.getAttribute(\"src\")),n=new URL(t.value),c.test(n.protocol))&&n.host===r.host&&l.activeElement===s&&(d.top.location.href=t.value))}},d.addEventListener(\"message\",d.wp.receiveEmbedMessage,!1),l.addEventListener(\"DOMContentLoaded\",function(){for(var e,t,s=l.querySelectorAll(\"iframe.wp-embedded-content\"),r=0;r<s.length;r++)(t=(e=s[r]).getAttribute(\"data-secret\"))||(t=Math.random().toString(36).substring(2,12),e.src+=\"#?secret=\"+t,e.setAttribute(\"data-secret\",t)),e.contentWindow.postMessage({message:\"ready\",secret:t},\"*\")},!1)))}(window,document);\n\/\/# sourceURL=https:\/\/www.rri.ro\/wp-includes\/js\/wp-embed.min.js\n\/* ]]> *\/\n<\/script>\n","thumbnail_url":"https:\/\/www.rri.ro\/wp-content\/uploads\/2023\/10\/stiri-germana-ok2-2.png","thumbnail_width":640,"thumbnail_height":427,"description":"Bukarest: K\u00f6nig Abdullah II. von Jordanien hat seinen dreit\u00e4gigen Besuch in Rum\u00e4nien abgesagt. Der Besuch h\u00e4tte am Montag beginnen sollen. Die Entscheidung wurde getroffen, nachdem die rum\u00e4nische Premierministerin Viorica Dancila angek\u00fcndigt hatte, dass Rum\u00e4nien seine Botschaft in Israel von Tel Aviv nach Jerusalem verlegen werde. Pr\u00e4sident Klaus Iohannis hat erkl\u00e4rt, dass der Umzug erst nach [&hellip;]"}