{"version":"1.0","provider_name":"Radio Rum\u00e4nien International","provider_url":"https:\/\/www.rri.ro\/de","author_name":"Newsroom","author_url":"https:\/\/www.rri.ro\/de\/author\/newsroom","title":"Nachrichten 27.10.2025 - Radio Rum\u00e4nien International","type":"rich","width":600,"height":338,"html":"<blockquote class=\"wp-embedded-content\" data-secret=\"UNF6MgEeAN\"><a href=\"https:\/\/www.rri.ro\/de\/aktuell\/newsflash-de\/nachrichten-27-10-2025-id944376.html\">Nachrichten 27.10.2025<\/a><\/blockquote><iframe sandbox=\"allow-scripts\" security=\"restricted\" src=\"https:\/\/www.rri.ro\/de\/aktuell\/newsflash-de\/nachrichten-27-10-2025-id944376.html\/embed#?secret=UNF6MgEeAN\" width=\"600\" height=\"338\" title=\"&#8222;Nachrichten 27.10.2025&#8220; &#8211; Radio Rum\u00e4nien International\" data-secret=\"UNF6MgEeAN\" frameborder=\"0\" marginwidth=\"0\" marginheight=\"0\" scrolling=\"no\" class=\"wp-embedded-content\"><\/iframe><script type=\"text\/javascript\">\n\/* <![CDATA[ *\/\n\/*! This file is auto-generated *\/\n!function(d,l){\"use strict\";l.querySelector&&d.addEventListener&&\"undefined\"!=typeof URL&&(d.wp=d.wp||{},d.wp.receiveEmbedMessage||(d.wp.receiveEmbedMessage=function(e){var t=e.data;if((t||t.secret||t.message||t.value)&&!\/[^a-zA-Z0-9]\/.test(t.secret)){for(var s,r,n,a=l.querySelectorAll('iframe[data-secret=\"'+t.secret+'\"]'),o=l.querySelectorAll('blockquote[data-secret=\"'+t.secret+'\"]'),c=new RegExp(\"^https?:$\",\"i\"),i=0;i<o.length;i++)o[i].style.display=\"none\";for(i=0;i<a.length;i++)s=a[i],e.source===s.contentWindow&&(s.removeAttribute(\"style\"),\"height\"===t.message?(1e3<(r=parseInt(t.value,10))?r=1e3:~~r<200&&(r=200),s.height=r):\"link\"===t.message&&(r=new URL(s.getAttribute(\"src\")),n=new URL(t.value),c.test(n.protocol))&&n.host===r.host&&l.activeElement===s&&(d.top.location.href=t.value))}},d.addEventListener(\"message\",d.wp.receiveEmbedMessage,!1),l.addEventListener(\"DOMContentLoaded\",function(){for(var e,t,s=l.querySelectorAll(\"iframe.wp-embedded-content\"),r=0;r<s.length;r++)(t=(e=s[r]).getAttribute(\"data-secret\"))||(t=Math.random().toString(36).substring(2,12),e.src+=\"#?secret=\"+t,e.setAttribute(\"data-secret\",t)),e.contentWindow.postMessage({message:\"ready\",secret:t},\"*\")},!1)))}(window,document);\n\/\/# sourceURL=https:\/\/www.rri.ro\/wp-includes\/js\/wp-embed.min.js\n\/* ]]> *\/\n<\/script>\n","thumbnail_url":"https:\/\/www.rri.ro\/wp-content\/uploads\/2024\/03\/RRI-960x540-Nachrichten-2-NOU.jpg","thumbnail_width":960,"thumbnail_height":540,"description":"In Bukarest ist am Sonntag die Nationalkathedrale geweiht worden. Pers\u00f6nlichkeiten der Politik wie Staatsoberhaupt Nicu\u015for Dan, Premierminister Ilie Bolojan und die moldauische Pr\u00e4sidentin Maia Sandu waren beteiligt. Zugegen war neben dem rum\u00e4nischen orthodoxen Patriarchen Daniel auch der \u00d6kumenische Patriarch von Konstantinopel, Bartholomaios I. \u00dcber 10.000 Gl\u00e4ubige aus ganz Rum\u00e4nien reisten zu dem Ereignis an, die [&hellip;]"}