{"version":"1.0","provider_name":"Radio Rum\u00e4nien International","provider_url":"https:\/\/www.rri.ro\/de","author_name":"Bogdan Matei","author_url":"https:\/\/www.rri.ro\/de\/author\/bogdan-matei","title":"Buchmesse Gaudeamus zu Ende gegangen - Radio Rum\u00e4nien International","type":"rich","width":600,"height":338,"html":"<blockquote class=\"wp-embedded-content\" data-secret=\"mk8DAQJjnA\"><a href=\"https:\/\/www.rri.ro\/de\/aktuell\/rri-aktuell\/buchmesse-gaudeamus-zu-ende-gegangen-id960090.html\">Buchmesse Gaudeamus zu Ende gegangen<\/a><\/blockquote><iframe sandbox=\"allow-scripts\" security=\"restricted\" src=\"https:\/\/www.rri.ro\/de\/aktuell\/rri-aktuell\/buchmesse-gaudeamus-zu-ende-gegangen-id960090.html\/embed#?secret=mk8DAQJjnA\" width=\"600\" height=\"338\" title=\"&#8222;Buchmesse Gaudeamus zu Ende gegangen&#8220; &#8211; Radio Rum\u00e4nien International\" data-secret=\"mk8DAQJjnA\" frameborder=\"0\" marginwidth=\"0\" marginheight=\"0\" scrolling=\"no\" class=\"wp-embedded-content\"><\/iframe><script type=\"text\/javascript\">\n\/* <![CDATA[ *\/\n\/*! This file is auto-generated *\/\n!function(d,l){\"use strict\";l.querySelector&&d.addEventListener&&\"undefined\"!=typeof URL&&(d.wp=d.wp||{},d.wp.receiveEmbedMessage||(d.wp.receiveEmbedMessage=function(e){var t=e.data;if((t||t.secret||t.message||t.value)&&!\/[^a-zA-Z0-9]\/.test(t.secret)){for(var s,r,n,a=l.querySelectorAll('iframe[data-secret=\"'+t.secret+'\"]'),o=l.querySelectorAll('blockquote[data-secret=\"'+t.secret+'\"]'),c=new RegExp(\"^https?:$\",\"i\"),i=0;i<o.length;i++)o[i].style.display=\"none\";for(i=0;i<a.length;i++)s=a[i],e.source===s.contentWindow&&(s.removeAttribute(\"style\"),\"height\"===t.message?(1e3<(r=parseInt(t.value,10))?r=1e3:~~r<200&&(r=200),s.height=r):\"link\"===t.message&&(r=new URL(s.getAttribute(\"src\")),n=new URL(t.value),c.test(n.protocol))&&n.host===r.host&&l.activeElement===s&&(d.top.location.href=t.value))}},d.addEventListener(\"message\",d.wp.receiveEmbedMessage,!1),l.addEventListener(\"DOMContentLoaded\",function(){for(var e,t,s=l.querySelectorAll(\"iframe.wp-embedded-content\"),r=0;r<s.length;r++)(t=(e=s[r]).getAttribute(\"data-secret\"))||(t=Math.random().toString(36).substring(2,12),e.src+=\"#?secret=\"+t,e.setAttribute(\"data-secret\",t)),e.contentWindow.postMessage({message:\"ready\",secret:t},\"*\")},!1)))}(window,document);\n\/\/# sourceURL=https:\/\/www.rri.ro\/wp-includes\/js\/wp-embed.min.js\n\/* ]]> *\/\n<\/script>\n","thumbnail_url":"https:\/\/www.rri.ro\/wp-content\/uploads\/2025\/12\/Bucuresti-Gaudeamus-32-editia-decembrie-2025-foto-Alexandru-Dolea.jpg","thumbnail_width":1280,"thumbnail_height":726,"description":"Die politischen Turbulenzen haben die Leidenschaft der Bukarester f\u00fcr Kultur nicht \u00fcberschattet. Am Wahltag f\u00fcr das Amt des B\u00fcrgermeisters ist auch die 32. Ausgabe der traditionsreichen Buchmesse Gaudeamus mit einem Besucherrekord zu Ende gegangen. \u00a0Die Kulturpresse bezeichnet Gaudeamus als ein wahres literarisches Fest, das dieses Jahr von Mittwoch bis Sonntag \u00fcber 180 Teilnehmer zusammenbrachte, die [&hellip;]"}