{"version":"1.0","provider_name":"Radio Rum\u00e4nien International","provider_url":"https:\/\/www.rri.ro\/de","author_name":"Daniela Budu","author_url":"https:\/\/www.rri.ro\/de\/author\/daniela-budu","title":"Krise im rum\u00e4nischen Bildungswesen - Radio Rum\u00e4nien International","type":"rich","width":600,"height":338,"html":"<blockquote class=\"wp-embedded-content\" data-secret=\"CBmYGbcXJ4\"><a href=\"https:\/\/www.rri.ro\/de\/aktuell\/rri-aktuell\/krise-im-rumaenischen-bildungswesen-id926008.html\">Krise im rum\u00e4nischen Bildungswesen<\/a><\/blockquote><iframe sandbox=\"allow-scripts\" security=\"restricted\" src=\"https:\/\/www.rri.ro\/de\/aktuell\/rri-aktuell\/krise-im-rumaenischen-bildungswesen-id926008.html\/embed#?secret=CBmYGbcXJ4\" width=\"600\" height=\"338\" title=\"&#8222;Krise im rum\u00e4nischen Bildungswesen&#8220; &#8211; Radio Rum\u00e4nien International\" data-secret=\"CBmYGbcXJ4\" frameborder=\"0\" marginwidth=\"0\" marginheight=\"0\" scrolling=\"no\" class=\"wp-embedded-content\"><\/iframe><script type=\"text\/javascript\">\n\/* <![CDATA[ *\/\n\/*! This file is auto-generated *\/\n!function(d,l){\"use strict\";l.querySelector&&d.addEventListener&&\"undefined\"!=typeof URL&&(d.wp=d.wp||{},d.wp.receiveEmbedMessage||(d.wp.receiveEmbedMessage=function(e){var t=e.data;if((t||t.secret||t.message||t.value)&&!\/[^a-zA-Z0-9]\/.test(t.secret)){for(var s,r,n,a=l.querySelectorAll('iframe[data-secret=\"'+t.secret+'\"]'),o=l.querySelectorAll('blockquote[data-secret=\"'+t.secret+'\"]'),c=new RegExp(\"^https?:$\",\"i\"),i=0;i<o.length;i++)o[i].style.display=\"none\";for(i=0;i<a.length;i++)s=a[i],e.source===s.contentWindow&&(s.removeAttribute(\"style\"),\"height\"===t.message?(1e3<(r=parseInt(t.value,10))?r=1e3:~~r<200&&(r=200),s.height=r):\"link\"===t.message&&(r=new URL(s.getAttribute(\"src\")),n=new URL(t.value),c.test(n.protocol))&&n.host===r.host&&l.activeElement===s&&(d.top.location.href=t.value))}},d.addEventListener(\"message\",d.wp.receiveEmbedMessage,!1),l.addEventListener(\"DOMContentLoaded\",function(){for(var e,t,s=l.querySelectorAll(\"iframe.wp-embedded-content\"),r=0;r<s.length;r++)(t=(e=s[r]).getAttribute(\"data-secret\"))||(t=Math.random().toString(36).substring(2,12),e.src+=\"#?secret=\"+t,e.setAttribute(\"data-secret\",t)),e.contentWindow.postMessage({message:\"ready\",secret:t},\"*\")},!1)))}(window,document);\n\/\/# sourceURL=https:\/\/www.rri.ro\/wp-includes\/js\/wp-embed.min.js\n\/* ]]> *\/\n<\/script>\n","thumbnail_url":"https:\/\/www.rri.ro\/wp-content\/uploads\/2025\/09\/greva-FSLI-invatamant-foto-fb-fsli.jpg","thumbnail_width":960,"thumbnail_height":540,"description":"Der erste Tag des neuen Schuljahres war in Bukarest von einer gro\u00dfen Protestaktion von Lehrern aus dem ganzen Land gepr\u00e4gt, die unzufrieden sind, dass die k\u00fcrzlich von der Regierung beschlossenen Finanz- und Haushaltsma\u00dfnahmen ihre Einkommen gek\u00fcrzt haben und sich ihrer Meinung nach negativ auf das Bildungswesen auswirken werden. Mehrere tausend Lehrer aus dem ganzen Land [&hellip;]"}