{"version":"1.0","provider_name":"Radio Ruman\u00eda Internacional","provider_url":"https:\/\/www.rri.ro\/es","author_name":"Mihai Pelin","author_url":"https:\/\/www.rri.ro\/es\/author\/mihai-pelin","title":"Reuni\u00f3n anual de la diplomacia rumana - Radio Ruman\u00eda Internacional","type":"rich","width":600,"height":338,"html":"<blockquote class=\"wp-embedded-content\" data-secret=\"MihSbxRnJN\"><a href=\"https:\/\/www.rri.ro\/es\/actualidad\/en-portada\/reunion-anual-de-la-diplomacia-rumana-id1055877.html\">Reuni\u00f3n anual de la diplomacia rumana<\/a><\/blockquote><iframe sandbox=\"allow-scripts\" security=\"restricted\" src=\"https:\/\/www.rri.ro\/es\/actualidad\/en-portada\/reunion-anual-de-la-diplomacia-rumana-id1055877.html\/embed#?secret=MihSbxRnJN\" width=\"600\" height=\"338\" title=\"\u00abReuni\u00f3n anual de la diplomacia rumana\u00bb \u2014 Radio Ruman\u00eda Internacional\" data-secret=\"MihSbxRnJN\" frameborder=\"0\" marginwidth=\"0\" marginheight=\"0\" scrolling=\"no\" class=\"wp-embedded-content\"><\/iframe><script type=\"text\/javascript\">\n\/* <![CDATA[ *\/\n\/*! This file is auto-generated *\/\n!function(d,l){\"use strict\";l.querySelector&&d.addEventListener&&\"undefined\"!=typeof URL&&(d.wp=d.wp||{},d.wp.receiveEmbedMessage||(d.wp.receiveEmbedMessage=function(e){var t=e.data;if((t||t.secret||t.message||t.value)&&!\/[^a-zA-Z0-9]\/.test(t.secret)){for(var s,r,n,a=l.querySelectorAll('iframe[data-secret=\"'+t.secret+'\"]'),o=l.querySelectorAll('blockquote[data-secret=\"'+t.secret+'\"]'),c=new RegExp(\"^https?:$\",\"i\"),i=0;i<o.length;i++)o[i].style.display=\"none\";for(i=0;i<a.length;i++)s=a[i],e.source===s.contentWindow&&(s.removeAttribute(\"style\"),\"height\"===t.message?(1e3<(r=parseInt(t.value,10))?r=1e3:~~r<200&&(r=200),s.height=r):\"link\"===t.message&&(r=new URL(s.getAttribute(\"src\")),n=new URL(t.value),c.test(n.protocol))&&n.host===r.host&&l.activeElement===s&&(d.top.location.href=t.value))}},d.addEventListener(\"message\",d.wp.receiveEmbedMessage,!1),l.addEventListener(\"DOMContentLoaded\",function(){for(var e,t,s=l.querySelectorAll(\"iframe.wp-embedded-content\"),r=0;r<s.length;r++)(t=(e=s[r]).getAttribute(\"data-secret\"))||(t=Math.random().toString(36).substring(2,12),e.src+=\"#?secret=\"+t,e.setAttribute(\"data-secret\",t)),e.contentWindow.postMessage({message:\"ready\",secret:t},\"*\")},!1)))}(window,document);\n\/\/# sourceURL=https:\/\/www.rri.ro\/wp-includes\/js\/wp-embed.min.js\n\/* ]]> *\/\n<\/script>\n","thumbnail_url":"https:\/\/www.rri.ro\/wp-content\/uploads\/2026\/09\/Nicusor-Dan-discurs-RADR-2026-presidency-ro.jpg","thumbnail_width":1280,"thumbnail_height":720,"description":"Ruman\u00eda contribuye a la seguridad transatl\u00e1ntica, al Flanco Oriental y a la regi\u00f3n en la que nos encontramos, ha declarado el presidente Nicu\u015for Dan en el discurso que ha pronunciado en Bucarest ante el cuerpo diplom\u00e1tico, con motivo de la Reuni\u00f3n Anual de la Diplomacia Rumana (RADR). El jefe de Estado se ha referido a [&hellip;]"}