{"version":"1.0","provider_name":"Radio Ruman\u00eda Internacional","provider_url":"https:\/\/www.rri.ro\/es","author_name":"Simona Sarbescu","author_url":"https:\/\/www.rri.ro\/es\/author\/simona-sarbescu","title":"Noticias del d\u00eda - Radio Ruman\u00eda Internacional","type":"rich","width":600,"height":338,"html":"<blockquote class=\"wp-embedded-content\" data-secret=\"sQk25AdvFi\"><a href=\"https:\/\/www.rri.ro\/es\/actualidad\/noticias\/noticias-del-dia-2137-id737367.html\">Noticias del d\u00eda<\/a><\/blockquote><iframe sandbox=\"allow-scripts\" security=\"restricted\" src=\"https:\/\/www.rri.ro\/es\/actualidad\/noticias\/noticias-del-dia-2137-id737367.html\/embed#?secret=sQk25AdvFi\" width=\"600\" height=\"338\" title=\"\u00abNoticias del d\u00eda\u00bb \u2014 Radio Ruman\u00eda Internacional\" data-secret=\"sQk25AdvFi\" frameborder=\"0\" marginwidth=\"0\" marginheight=\"0\" scrolling=\"no\" class=\"wp-embedded-content\"><\/iframe><script type=\"text\/javascript\">\n\/* <![CDATA[ *\/\n\/*! This file is auto-generated *\/\n!function(d,l){\"use strict\";l.querySelector&&d.addEventListener&&\"undefined\"!=typeof URL&&(d.wp=d.wp||{},d.wp.receiveEmbedMessage||(d.wp.receiveEmbedMessage=function(e){var t=e.data;if((t||t.secret||t.message||t.value)&&!\/[^a-zA-Z0-9]\/.test(t.secret)){for(var s,r,n,a=l.querySelectorAll('iframe[data-secret=\"'+t.secret+'\"]'),o=l.querySelectorAll('blockquote[data-secret=\"'+t.secret+'\"]'),c=new RegExp(\"^https?:$\",\"i\"),i=0;i<o.length;i++)o[i].style.display=\"none\";for(i=0;i<a.length;i++)s=a[i],e.source===s.contentWindow&&(s.removeAttribute(\"style\"),\"height\"===t.message?(1e3<(r=parseInt(t.value,10))?r=1e3:~~r<200&&(r=200),s.height=r):\"link\"===t.message&&(r=new URL(s.getAttribute(\"src\")),n=new URL(t.value),c.test(n.protocol))&&n.host===r.host&&l.activeElement===s&&(d.top.location.href=t.value))}},d.addEventListener(\"message\",d.wp.receiveEmbedMessage,!1),l.addEventListener(\"DOMContentLoaded\",function(){for(var e,t,s=l.querySelectorAll(\"iframe.wp-embedded-content\"),r=0;r<s.length;r++)(t=(e=s[r]).getAttribute(\"data-secret\"))||(t=Math.random().toString(36).substring(2,12),e.src+=\"#?secret=\"+t,e.setAttribute(\"data-secret\",t)),e.contentWindow.postMessage({message:\"ready\",secret:t},\"*\")},!1)))}(window,document);\n\/\/# sourceURL=https:\/\/www.rri.ro\/wp-includes\/js\/wp-embed.min.js\n\/* ]]> *\/\n<\/script>\n","thumbnail_url":"https:\/\/www.rri.ro\/wp-content\/uploads\/2024\/02\/stiri-spaniola-bleu-1.png","thumbnail_width":420,"thumbnail_height":315,"description":"Titulares: Reuni\u00f3n de trabajo dedicada a la preparaci\u00f3n de la futura Agenda Estrat\u00e9gica de la UE, organizada en Bucarest por el presidente de Ruman\u00eda, Klaus Iohannis, junto con el presidente del Consejo Europeo, Charles Michel. El Ministerio de Defensa organiza eventos especiales para celebrar el 20\u00ba aniversario de la adhesi\u00f3n de Ruman\u00eda a la OTAN [&hellip;]"}