{"version":"1.0","provider_name":"Radio Ruman\u00eda Internacional","provider_url":"https:\/\/www.rri.ro\/es","author_name":"Newsroom","author_url":"https:\/\/www.rri.ro\/es\/author\/newsroom","title":"Noticias del d\u00eda - Radio Ruman\u00eda Internacional","type":"rich","width":600,"height":338,"html":"<blockquote class=\"wp-embedded-content\" data-secret=\"OcDEky5jQ6\"><a href=\"https:\/\/www.rri.ro\/es\/actualidad\/noticias\/noticias-del-dia-3011-id1056624.html\">Noticias del d\u00eda<\/a><\/blockquote><iframe sandbox=\"allow-scripts\" security=\"restricted\" src=\"https:\/\/www.rri.ro\/es\/actualidad\/noticias\/noticias-del-dia-3011-id1056624.html\/embed#?secret=OcDEky5jQ6\" width=\"600\" height=\"338\" title=\"\u00abNoticias del d\u00eda\u00bb \u2014 Radio Ruman\u00eda Internacional\" data-secret=\"OcDEky5jQ6\" frameborder=\"0\" marginwidth=\"0\" marginheight=\"0\" scrolling=\"no\" class=\"wp-embedded-content\"><\/iframe><script type=\"text\/javascript\">\n\/* <![CDATA[ *\/\n\/*! This file is auto-generated *\/\n!function(d,l){\"use strict\";l.querySelector&&d.addEventListener&&\"undefined\"!=typeof URL&&(d.wp=d.wp||{},d.wp.receiveEmbedMessage||(d.wp.receiveEmbedMessage=function(e){var t=e.data;if((t||t.secret||t.message||t.value)&&!\/[^a-zA-Z0-9]\/.test(t.secret)){for(var s,r,n,a=l.querySelectorAll('iframe[data-secret=\"'+t.secret+'\"]'),o=l.querySelectorAll('blockquote[data-secret=\"'+t.secret+'\"]'),c=new RegExp(\"^https?:$\",\"i\"),i=0;i<o.length;i++)o[i].style.display=\"none\";for(i=0;i<a.length;i++)s=a[i],e.source===s.contentWindow&&(s.removeAttribute(\"style\"),\"height\"===t.message?(1e3<(r=parseInt(t.value,10))?r=1e3:~~r<200&&(r=200),s.height=r):\"link\"===t.message&&(r=new URL(s.getAttribute(\"src\")),n=new URL(t.value),c.test(n.protocol))&&n.host===r.host&&l.activeElement===s&&(d.top.location.href=t.value))}},d.addEventListener(\"message\",d.wp.receiveEmbedMessage,!1),l.addEventListener(\"DOMContentLoaded\",function(){for(var e,t,s=l.querySelectorAll(\"iframe.wp-embedded-content\"),r=0;r<s.length;r++)(t=(e=s[r]).getAttribute(\"data-secret\"))||(t=Math.random().toString(36).substring(2,12),e.src+=\"#?secret=\"+t,e.setAttribute(\"data-secret\",t)),e.contentWindow.postMessage({message:\"ready\",secret:t},\"*\")},!1)))}(window,document);\n\/\/# sourceURL=https:\/\/www.rri.ro\/wp-includes\/js\/wp-embed.min.js\n\/* ]]> *\/\n<\/script>\n","thumbnail_url":"https:\/\/www.rri.ro\/wp-content\/uploads\/2024\/03\/RRI-960x540-Noticias-2-NOU.jpg","thumbnail_width":960,"thumbnail_height":540,"description":"Titulares: \u2013 El presidente de Ruman\u00eda, Nicu\u015for Dan, ha anunciado que, en los pr\u00f3ximos d\u00edas, designar\u00e1 a un candidato para el cargo de primer ministro \u2013 La Embajada de EE. UU. en Bucarest anunci\u00f3 el viernes la entrada en vigor oficial del Acuerdo bilateral en materia de seguridad social entre los Estados Unidos de Am\u00e9rica [&hellip;]"}