{"version":"1.0","provider_name":"Radio Roumanie Internationale","provider_url":"https:\/\/www.rri.ro\/fr","author_name":"Newsroom","author_url":"https:\/\/www.rri.ro\/fr\/author\/newsroom","title":"05.09.2026 - Radio Roumanie Internationale","type":"rich","width":600,"height":338,"html":"<blockquote class=\"wp-embedded-content\" data-secret=\"0cGV82ZuCf\"><a href=\"https:\/\/www.rri.ro\/fr\/actualites\/le-flash\/05-09-2026-id1056678.html\">05.09.2026<\/a><\/blockquote><iframe sandbox=\"allow-scripts\" security=\"restricted\" src=\"https:\/\/www.rri.ro\/fr\/actualites\/le-flash\/05-09-2026-id1056678.html\/embed#?secret=0cGV82ZuCf\" width=\"600\" height=\"338\" title=\"\u00ab\u00a005.09.2026\u00a0\u00bb &#8212; Radio Roumanie Internationale\" data-secret=\"0cGV82ZuCf\" frameborder=\"0\" marginwidth=\"0\" marginheight=\"0\" scrolling=\"no\" class=\"wp-embedded-content\"><\/iframe><script type=\"text\/javascript\">\n\/* <![CDATA[ *\/\n\/*! This file is auto-generated *\/\n!function(d,l){\"use strict\";l.querySelector&&d.addEventListener&&\"undefined\"!=typeof URL&&(d.wp=d.wp||{},d.wp.receiveEmbedMessage||(d.wp.receiveEmbedMessage=function(e){var t=e.data;if((t||t.secret||t.message||t.value)&&!\/[^a-zA-Z0-9]\/.test(t.secret)){for(var s,r,n,a=l.querySelectorAll('iframe[data-secret=\"'+t.secret+'\"]'),o=l.querySelectorAll('blockquote[data-secret=\"'+t.secret+'\"]'),c=new RegExp(\"^https?:$\",\"i\"),i=0;i<o.length;i++)o[i].style.display=\"none\";for(i=0;i<a.length;i++)s=a[i],e.source===s.contentWindow&&(s.removeAttribute(\"style\"),\"height\"===t.message?(1e3<(r=parseInt(t.value,10))?r=1e3:~~r<200&&(r=200),s.height=r):\"link\"===t.message&&(r=new URL(s.getAttribute(\"src\")),n=new URL(t.value),c.test(n.protocol))&&n.host===r.host&&l.activeElement===s&&(d.top.location.href=t.value))}},d.addEventListener(\"message\",d.wp.receiveEmbedMessage,!1),l.addEventListener(\"DOMContentLoaded\",function(){for(var e,t,s=l.querySelectorAll(\"iframe.wp-embedded-content\"),r=0;r<s.length;r++)(t=(e=s[r]).getAttribute(\"data-secret\"))||(t=Math.random().toString(36).substring(2,12),e.src+=\"#?secret=\"+t,e.setAttribute(\"data-secret\",t)),e.contentWindow.postMessage({message:\"ready\",secret:t},\"*\")},!1)))}(window,document);\n\/\/# sourceURL=https:\/\/www.rri.ro\/wp-includes\/js\/wp-embed.min.js\n\/* ]]> *\/\n<\/script>\n","thumbnail_url":"https:\/\/www.rri.ro\/wp-content\/uploads\/2024\/03\/RRI-960x540-Le-flash-2-NOU.jpg","thumbnail_width":960,"thumbnail_height":540,"description":"Premier ministre \u2013 Le pr\u00e9sident roumain Nicusor Dan devrait annoncer aujourd\u2019hui un nouveau candidat \u00e0 la fonction de premier ministre. Pourtant, l\u2019impasse des d\u00e9marches en vue de la formation d\u2019un nouvel Ex\u00e9cutif ne semble pas avoir \u00e9t\u00e9 surmont\u00e9e. Rappelons-le, le cabinet dirig\u00e9 par le lib\u00e9ral Ilie Bolojan a \u00e9t\u00e9 destitu\u00e9 par motion de censure par [&hellip;]"}