{"version":"1.0","provider_name":"Radio Roumanie Internationale","provider_url":"https:\/\/www.rri.ro\/fr","author_name":"Newsroom","author_url":"https:\/\/www.rri.ro\/fr\/author\/newsroom","title":"05.09.2026 (mise \u00e0 jour) - Radio Roumanie Internationale","type":"rich","width":600,"height":338,"html":"<blockquote class=\"wp-embedded-content\" data-secret=\"Nv3o8DFm4J\"><a href=\"https:\/\/www.rri.ro\/fr\/actualites\/le-flash\/05-09-2026-mise-a-jour-id1056754.html\">05.09.2026 (mise \u00e0 jour)<\/a><\/blockquote><iframe sandbox=\"allow-scripts\" security=\"restricted\" src=\"https:\/\/www.rri.ro\/fr\/actualites\/le-flash\/05-09-2026-mise-a-jour-id1056754.html\/embed#?secret=Nv3o8DFm4J\" width=\"600\" height=\"338\" title=\"\u00ab\u00a005.09.2026 (mise \u00e0 jour)\u00a0\u00bb &#8212; Radio Roumanie Internationale\" data-secret=\"Nv3o8DFm4J\" frameborder=\"0\" marginwidth=\"0\" marginheight=\"0\" scrolling=\"no\" class=\"wp-embedded-content\"><\/iframe><script type=\"text\/javascript\">\n\/* <![CDATA[ *\/\n\/*! This file is auto-generated *\/\n!function(d,l){\"use strict\";l.querySelector&&d.addEventListener&&\"undefined\"!=typeof URL&&(d.wp=d.wp||{},d.wp.receiveEmbedMessage||(d.wp.receiveEmbedMessage=function(e){var t=e.data;if((t||t.secret||t.message||t.value)&&!\/[^a-zA-Z0-9]\/.test(t.secret)){for(var s,r,n,a=l.querySelectorAll('iframe[data-secret=\"'+t.secret+'\"]'),o=l.querySelectorAll('blockquote[data-secret=\"'+t.secret+'\"]'),c=new RegExp(\"^https?:$\",\"i\"),i=0;i<o.length;i++)o[i].style.display=\"none\";for(i=0;i<a.length;i++)s=a[i],e.source===s.contentWindow&&(s.removeAttribute(\"style\"),\"height\"===t.message?(1e3<(r=parseInt(t.value,10))?r=1e3:~~r<200&&(r=200),s.height=r):\"link\"===t.message&&(r=new URL(s.getAttribute(\"src\")),n=new URL(t.value),c.test(n.protocol))&&n.host===r.host&&l.activeElement===s&&(d.top.location.href=t.value))}},d.addEventListener(\"message\",d.wp.receiveEmbedMessage,!1),l.addEventListener(\"DOMContentLoaded\",function(){for(var e,t,s=l.querySelectorAll(\"iframe.wp-embedded-content\"),r=0;r<s.length;r++)(t=(e=s[r]).getAttribute(\"data-secret\"))||(t=Math.random().toString(36).substring(2,12),e.src+=\"#?secret=\"+t,e.setAttribute(\"data-secret\",t)),e.contentWindow.postMessage({message:\"ready\",secret:t},\"*\")},!1)))}(window,document);\n\/\/# sourceURL=https:\/\/www.rri.ro\/wp-includes\/js\/wp-embed.min.js\n\/* ]]> *\/\n<\/script>\n","thumbnail_url":"https:\/\/www.rri.ro\/wp-content\/uploads\/2024\/03\/RRI-960x540-Le-flash-2-NOU.jpg","thumbnail_width":960,"thumbnail_height":540,"description":"Rentr\u00e9e scolaire \u2013 Ce lundi 7 septembre, c\u2019est la rentr\u00e9e des classes pour les pr\u00e8s 3 millions d\u2019\u00e9l\u00e8ves et enfants de Roumanie. Plusieurs nouveaut\u00e9s et changements marqueront cette nouvelle ann\u00e9e scolaire. Par exemple, des standards d\u2019\u00e9valuation sont d\u00e9sormais introduits et les enseignants sont encourag\u00e9s \u00e0 les appliquer afin d\u2019avoir au niveau national des crit\u00e8res communs, [&hellip;]"}