{"version":"1.0","provider_name":"Radio Roumanie Internationale","provider_url":"https:\/\/www.rri.ro\/fr","author_name":"Corina Cristea","author_url":"https:\/\/www.rri.ro\/fr\/author\/corina-cristea","title":"Les festivals de l\u2019\u00e9t\u00e9 - Radio Roumanie Internationale","type":"rich","width":600,"height":338,"html":"<blockquote class=\"wp-embedded-content\" data-secret=\"QuT220xm8B\"><a href=\"https:\/\/www.rri.ro\/fr\/actualites\/les-dossiers-de-lactualite\/les-festivals-de-lete-id796906.html\">Les festivals de l\u2019\u00e9t\u00e9<\/a><\/blockquote><iframe sandbox=\"allow-scripts\" security=\"restricted\" src=\"https:\/\/www.rri.ro\/fr\/actualites\/les-dossiers-de-lactualite\/les-festivals-de-lete-id796906.html\/embed#?secret=QuT220xm8B\" width=\"600\" height=\"338\" title=\"\u00ab\u00a0Les festivals de l\u2019\u00e9t\u00e9\u00a0\u00bb &#8212; Radio Roumanie Internationale\" data-secret=\"QuT220xm8B\" frameborder=\"0\" marginwidth=\"0\" marginheight=\"0\" scrolling=\"no\" class=\"wp-embedded-content\"><\/iframe><script type=\"text\/javascript\">\n\/* <![CDATA[ *\/\n\/*! This file is auto-generated *\/\n!function(d,l){\"use strict\";l.querySelector&&d.addEventListener&&\"undefined\"!=typeof URL&&(d.wp=d.wp||{},d.wp.receiveEmbedMessage||(d.wp.receiveEmbedMessage=function(e){var t=e.data;if((t||t.secret||t.message||t.value)&&!\/[^a-zA-Z0-9]\/.test(t.secret)){for(var s,r,n,a=l.querySelectorAll('iframe[data-secret=\"'+t.secret+'\"]'),o=l.querySelectorAll('blockquote[data-secret=\"'+t.secret+'\"]'),c=new RegExp(\"^https?:$\",\"i\"),i=0;i<o.length;i++)o[i].style.display=\"none\";for(i=0;i<a.length;i++)s=a[i],e.source===s.contentWindow&&(s.removeAttribute(\"style\"),\"height\"===t.message?(1e3<(r=parseInt(t.value,10))?r=1e3:~~r<200&&(r=200),s.height=r):\"link\"===t.message&&(r=new URL(s.getAttribute(\"src\")),n=new URL(t.value),c.test(n.protocol))&&n.host===r.host&&l.activeElement===s&&(d.top.location.href=t.value))}},d.addEventListener(\"message\",d.wp.receiveEmbedMessage,!1),l.addEventListener(\"DOMContentLoaded\",function(){for(var e,t,s=l.querySelectorAll(\"iframe.wp-embedded-content\"),r=0;r<s.length;r++)(t=(e=s[r]).getAttribute(\"data-secret\"))||(t=Math.random().toString(36).substring(2,12),e.src+=\"#?secret=\"+t,e.setAttribute(\"data-secret\",t)),e.contentWindow.postMessage({message:\"ready\",secret:t},\"*\")},!1)))}(window,document);\n\/\/# sourceURL=https:\/\/www.rri.ro\/wp-includes\/js\/wp-embed.min.js\n\/* ]]> *\/\n<\/script>\n","thumbnail_url":"https:\/\/www.rri.ro\/wp-content\/uploads\/2024\/08\/festivalul-UNTOLD-foto-fb-festival.jpg","thumbnail_width":1200,"thumbnail_height":800,"description":"La 9e \u00e9dition d\u2019UNTOLD, troisi\u00e8me dans le classement des cent plus importants festivals au monde r\u00e9unit ces jours-ci \u00e0 Cluj, dans le nord-ouest, plus de 150 artistes de Roumanie et du monde, qui se produiront sur les huit sc\u00e8nes de l\u2019\u00e9v\u00e9nement. Parmi eux, des stars qui s\u2019\u00e9taient d\u00e9j\u00e0 produites en Roumanie, telles la l\u00e9gende du [&hellip;]"}