{"version":"1.0","provider_name":"Radio Roumanie Internationale","provider_url":"https:\/\/www.rri.ro\/fr","author_name":"Ana-Maria Cononovici","author_url":"https:\/\/www.rri.ro\/fr\/author\/ana-maria-cononovici","title":"Les Monts P\u0103durea Craiului - Radio Roumanie Internationale","type":"rich","width":600,"height":338,"html":"<blockquote class=\"wp-embedded-content\" data-secret=\"6nqZwD1HFQ\"><a href=\"https:\/\/www.rri.ro\/fr\/nos-emissions\/visitez-la-roumanie\/les-monts-padurea-craiului-id422004.html\">Les Monts P\u0103durea Craiului<\/a><\/blockquote><iframe sandbox=\"allow-scripts\" security=\"restricted\" src=\"https:\/\/www.rri.ro\/fr\/nos-emissions\/visitez-la-roumanie\/les-monts-padurea-craiului-id422004.html\/embed#?secret=6nqZwD1HFQ\" width=\"600\" height=\"338\" title=\"\u00ab\u00a0Les Monts P\u0103durea Craiului\u00a0\u00bb &#8212; Radio Roumanie Internationale\" data-secret=\"6nqZwD1HFQ\" frameborder=\"0\" marginwidth=\"0\" marginheight=\"0\" scrolling=\"no\" class=\"wp-embedded-content\"><\/iframe><script type=\"text\/javascript\">\n\/* <![CDATA[ *\/\n\/*! This file is auto-generated *\/\n!function(d,l){\"use strict\";l.querySelector&&d.addEventListener&&\"undefined\"!=typeof URL&&(d.wp=d.wp||{},d.wp.receiveEmbedMessage||(d.wp.receiveEmbedMessage=function(e){var t=e.data;if((t||t.secret||t.message||t.value)&&!\/[^a-zA-Z0-9]\/.test(t.secret)){for(var s,r,n,a=l.querySelectorAll('iframe[data-secret=\"'+t.secret+'\"]'),o=l.querySelectorAll('blockquote[data-secret=\"'+t.secret+'\"]'),c=new RegExp(\"^https?:$\",\"i\"),i=0;i<o.length;i++)o[i].style.display=\"none\";for(i=0;i<a.length;i++)s=a[i],e.source===s.contentWindow&&(s.removeAttribute(\"style\"),\"height\"===t.message?(1e3<(r=parseInt(t.value,10))?r=1e3:~~r<200&&(r=200),s.height=r):\"link\"===t.message&&(r=new URL(s.getAttribute(\"src\")),n=new URL(t.value),c.test(n.protocol))&&n.host===r.host&&l.activeElement===s&&(d.top.location.href=t.value))}},d.addEventListener(\"message\",d.wp.receiveEmbedMessage,!1),l.addEventListener(\"DOMContentLoaded\",function(){for(var e,t,s=l.querySelectorAll(\"iframe.wp-embedded-content\"),r=0;r<s.length;r++)(t=(e=s[r]).getAttribute(\"data-secret\"))||(t=Math.random().toString(36).substring(2,12),e.src+=\"#?secret=\"+t,e.setAttribute(\"data-secret\",t)),e.contentWindow.postMessage({message:\"ready\",secret:t},\"*\")},!1)))}(window,document);\n\/\/# sourceURL=https:\/\/www.rri.ro\/wp-includes\/js\/wp-embed.min.js\n\/* ]]> *\/\n<\/script>\n","thumbnail_url":"https:\/\/www.rri.ro\/wp-content\/uploads\/2023\/10\/biciclete-muntii-padurea-craiului-foto-capdd-bihor-org.png","thumbnail_width":640,"thumbnail_height":356,"description":"Nous vous proposons aujourd\u2019hui une nouvelle destination d\u2019\u00e9cotourisme, au d\u00e9partement de Bihor (ouest), dans les Monts P\u0103durea Craiului. L\u00e0, au c\u0153ur de la montagne, notre guide, Andrei Acs, nous dit comment cette destination est mont\u00e9e en puissance et ce qu\u2019elle peut offrir aujourd\u2019hui : \u00ab P\u0103durea Craiului devient une destination d\u2019\u00e9cotourisme. Derni\u00e8rement, la qualit\u00e9 des [&hellip;]"}