{"version":"1.0","provider_name":"Radio Roumanie Internationale","provider_url":"https:\/\/www.rri.ro\/fr","author_name":"Valentina Beleavski","author_url":"https:\/\/www.rri.ro\/fr\/author\/valentina-beleavski","title":"L'\u00e9crivain Mathias Enard - Radio Roumanie Internationale","type":"rich","width":600,"height":338,"html":"<blockquote class=\"wp-embedded-content\" data-secret=\"jhPJCXJbSW\"><a href=\"https:\/\/www.rri.ro\/fr\/rri-special-fr\/lecrivain-mathias-enard-id943148.html\">L&rsquo;\u00e9crivain Mathias Enard<\/a><\/blockquote><iframe sandbox=\"allow-scripts\" security=\"restricted\" src=\"https:\/\/www.rri.ro\/fr\/rri-special-fr\/lecrivain-mathias-enard-id943148.html\/embed#?secret=jhPJCXJbSW\" width=\"600\" height=\"338\" title=\"\u00ab\u00a0L&rsquo;\u00e9crivain Mathias Enard\u00a0\u00bb &#8212; Radio Roumanie Internationale\" data-secret=\"jhPJCXJbSW\" frameborder=\"0\" marginwidth=\"0\" marginheight=\"0\" scrolling=\"no\" class=\"wp-embedded-content\"><\/iframe><script type=\"text\/javascript\">\n\/* <![CDATA[ *\/\n\/*! This file is auto-generated *\/\n!function(d,l){\"use strict\";l.querySelector&&d.addEventListener&&\"undefined\"!=typeof URL&&(d.wp=d.wp||{},d.wp.receiveEmbedMessage||(d.wp.receiveEmbedMessage=function(e){var t=e.data;if((t||t.secret||t.message||t.value)&&!\/[^a-zA-Z0-9]\/.test(t.secret)){for(var s,r,n,a=l.querySelectorAll('iframe[data-secret=\"'+t.secret+'\"]'),o=l.querySelectorAll('blockquote[data-secret=\"'+t.secret+'\"]'),c=new RegExp(\"^https?:$\",\"i\"),i=0;i<o.length;i++)o[i].style.display=\"none\";for(i=0;i<a.length;i++)s=a[i],e.source===s.contentWindow&&(s.removeAttribute(\"style\"),\"height\"===t.message?(1e3<(r=parseInt(t.value,10))?r=1e3:~~r<200&&(r=200),s.height=r):\"link\"===t.message&&(r=new URL(s.getAttribute(\"src\")),n=new URL(t.value),c.test(n.protocol))&&n.host===r.host&&l.activeElement===s&&(d.top.location.href=t.value))}},d.addEventListener(\"message\",d.wp.receiveEmbedMessage,!1),l.addEventListener(\"DOMContentLoaded\",function(){for(var e,t,s=l.querySelectorAll(\"iframe.wp-embedded-content\"),r=0;r<s.length;r++)(t=(e=s[r]).getAttribute(\"data-secret\"))||(t=Math.random().toString(36).substring(2,12),e.src+=\"#?secret=\"+t,e.setAttribute(\"data-secret\",t)),e.contentWindow.postMessage({message:\"ready\",secret:t},\"*\")},!1)))}(window,document);\n\/\/# sourceURL=https:\/\/www.rri.ro\/wp-includes\/js\/wp-embed.min.js\n\/* ]]> *\/\n<\/script>\n","thumbnail_url":"https:\/\/www.rri.ro\/wp-content\/uploads\/2025\/10\/Mathias-Enard-Credit-foto-Festivalul-Nod.jpg","thumbnail_width":1200,"thumbnail_height":675,"description":"Prix Goncourt en 2015 pour son roman Boussole, l\u2019\u00e9crivain fran\u00e7ais, Mathias Enard a rencontr\u00e9 \u00e0 plusieurs reprises le public de Roumanie dont le plus r\u00e9cemment, lors de la premi\u00e8re \u00e9dition du festival de litt\u00e9rature Nod, d\u00e9roul\u00e9 du 25 au 28 septembre, \u00e0 Brasov. L\u2019occasion de parler ensemble de batailles, de rois et d\u2019\u00e9l\u00e9phants, pour citer [&hellip;]"}