{"version":"1.0","provider_name":"Radio Rom\u00e2nia Interna\u021bional","provider_url":"https:\/\/www.rri.ro\/ro_ar","author_name":"Ta\u0219cu Lala","author_url":"https:\/\/www.rri.ro\/ro_ar\/author\/taacu-lala","title":"Parteneriat strateghicu rom\u00e2no-fr\u00e2n\u021bescu - Radio Rom\u00e2nia Interna\u021bional","type":"rich","width":600,"height":338,"html":"<blockquote class=\"wp-embedded-content\" data-secret=\"pVIy5JcV2l\"><a href=\"https:\/\/www.rri.ro\/ro_ar\/actualitati\/parteneriat-strateghicu-romano-frantescu-id827460.html\">Parteneriat strateghicu rom\u00e2no-fr\u00e2n\u021bescu<\/a><\/blockquote><iframe sandbox=\"allow-scripts\" security=\"restricted\" src=\"https:\/\/www.rri.ro\/ro_ar\/actualitati\/parteneriat-strateghicu-romano-frantescu-id827460.html\/embed#?secret=pVIy5JcV2l\" width=\"600\" height=\"338\" title=\"&#8220;Parteneriat strateghicu rom\u00e2no-fr\u00e2n\u021bescu&#8221; &#8212; Radio Rom\u00e2nia Interna\u021bional\" data-secret=\"pVIy5JcV2l\" frameborder=\"0\" marginwidth=\"0\" marginheight=\"0\" scrolling=\"no\" class=\"wp-embedded-content\"><\/iframe><script type=\"text\/javascript\">\n\/* <![CDATA[ *\/\n\/*! This file is auto-generated *\/\n!function(d,l){\"use strict\";l.querySelector&&d.addEventListener&&\"undefined\"!=typeof URL&&(d.wp=d.wp||{},d.wp.receiveEmbedMessage||(d.wp.receiveEmbedMessage=function(e){var t=e.data;if((t||t.secret||t.message||t.value)&&!\/[^a-zA-Z0-9]\/.test(t.secret)){for(var s,r,n,a=l.querySelectorAll('iframe[data-secret=\"'+t.secret+'\"]'),o=l.querySelectorAll('blockquote[data-secret=\"'+t.secret+'\"]'),c=new RegExp(\"^https?:$\",\"i\"),i=0;i<o.length;i++)o[i].style.display=\"none\";for(i=0;i<a.length;i++)s=a[i],e.source===s.contentWindow&&(s.removeAttribute(\"style\"),\"height\"===t.message?(1e3<(r=parseInt(t.value,10))?r=1e3:~~r<200&&(r=200),s.height=r):\"link\"===t.message&&(r=new URL(s.getAttribute(\"src\")),n=new URL(t.value),c.test(n.protocol))&&n.host===r.host&&l.activeElement===s&&(d.top.location.href=t.value))}},d.addEventListener(\"message\",d.wp.receiveEmbedMessage,!1),l.addEventListener(\"DOMContentLoaded\",function(){for(var e,t,s=l.querySelectorAll(\"iframe.wp-embedded-content\"),r=0;r<s.length;r++)(t=(e=s[r]).getAttribute(\"data-secret\"))||(t=Math.random().toString(36).substring(2,12),e.src+=\"#?secret=\"+t,e.setAttribute(\"data-secret\",t)),e.contentWindow.postMessage({message:\"ready\",secret:t},\"*\")},!1)))}(window,document);\n\/\/# sourceURL=https:\/\/www.rri.ro\/wp-includes\/js\/wp-embed.min.js\n\/* ]]> *\/\n<\/script>\n","thumbnail_url":"https:\/\/www.rri.ro\/wp-content\/uploads\/2024\/11\/marcel-ciolacu-si-Michel-Barnier-foto-gov-e1730792975252.jpg","thumbnail_width":1200,"thumbnail_height":787,"description":"Nica ditu eta 19, Parislu eara prota op\u0163iuni ti elitili rom\u00e2ne\u015f\u021b\u00e2 \u021bi \u0219-pitri\u021bea fciorilli la studii tu Asc\u00e2pitat\u00e2. Tutu tu Fr\u00e2n\u021billi \u0219-aflar\u00e2 apanghiu mul\u0163\u00e2 rom\u00e2\u00f1i \u021bi loar\u00e2 parti la ximutarea ditu 1848, di cara minarea a loru di al\u00e2xeari fu d\u00e2n\u00e2sit\u00e2 di reac\u0163iunea di nuntru, andrup\u00e2t\u00e2 di ascherea otoman\u00e2 \u0219-aruseasc\u00e2 di aputurseari. Istori\u021blli dz\u00e2cu c\u0103 [&hellip;]"}