{"version":"1.0","provider_name":"RADIO RUMUNIJA INTERNACIONAL","provider_url":"https:\/\/www.rri.ro\/sr","author_name":"Marija Nenadi\u0107-Zurka","author_url":"https:\/\/www.rri.ro\/sr\/author\/marija-nenadic","title":"Novi \u0161ef NATO-a - RADIO RUMUNIJA INTERNACIONAL","type":"rich","width":600,"height":338,"html":"<blockquote class=\"wp-embedded-content\" data-secret=\"VszGpMg9qV\"><a href=\"https:\/\/www.rri.ro\/sr\/aktuelnosti\/aktuelnosti-sr\/novi-sef-nato-a-id785295.html\">Novi \u0161ef NATO-a<\/a><\/blockquote><iframe sandbox=\"allow-scripts\" security=\"restricted\" src=\"https:\/\/www.rri.ro\/sr\/aktuelnosti\/aktuelnosti-sr\/novi-sef-nato-a-id785295.html\/embed#?secret=VszGpMg9qV\" width=\"600\" height=\"338\" title=\"&#132;Novi \u0161ef NATO-a&#147; &#8212; RADIO RUMUNIJA INTERNACIONAL\" data-secret=\"VszGpMg9qV\" frameborder=\"0\" marginwidth=\"0\" marginheight=\"0\" scrolling=\"no\" class=\"wp-embedded-content\"><\/iframe><script type=\"text\/javascript\">\n\/* <![CDATA[ *\/\n\/*! This file is auto-generated *\/\n!function(d,l){\"use strict\";l.querySelector&&d.addEventListener&&\"undefined\"!=typeof URL&&(d.wp=d.wp||{},d.wp.receiveEmbedMessage||(d.wp.receiveEmbedMessage=function(e){var t=e.data;if((t||t.secret||t.message||t.value)&&!\/[^a-zA-Z0-9]\/.test(t.secret)){for(var s,r,n,a=l.querySelectorAll('iframe[data-secret=\"'+t.secret+'\"]'),o=l.querySelectorAll('blockquote[data-secret=\"'+t.secret+'\"]'),c=new RegExp(\"^https?:$\",\"i\"),i=0;i<o.length;i++)o[i].style.display=\"none\";for(i=0;i<a.length;i++)s=a[i],e.source===s.contentWindow&&(s.removeAttribute(\"style\"),\"height\"===t.message?(1e3<(r=parseInt(t.value,10))?r=1e3:~~r<200&&(r=200),s.height=r):\"link\"===t.message&&(r=new URL(s.getAttribute(\"src\")),n=new URL(t.value),c.test(n.protocol))&&n.host===r.host&&l.activeElement===s&&(d.top.location.href=t.value))}},d.addEventListener(\"message\",d.wp.receiveEmbedMessage,!1),l.addEventListener(\"DOMContentLoaded\",function(){for(var e,t,s=l.querySelectorAll(\"iframe.wp-embedded-content\"),r=0;r<s.length;r++)(t=(e=s[r]).getAttribute(\"data-secret\"))||(t=Math.random().toString(36).substring(2,12),e.src+=\"#?secret=\"+t,e.setAttribute(\"data-secret\",t)),e.contentWindow.postMessage({message:\"ready\",secret:t},\"*\")},!1)))}(window,document);\n\/\/# sourceURL=https:\/\/www.rri.ro\/wp-includes\/js\/wp-embed.min.js\n\/* ]]> *\/\n<\/script>\n","thumbnail_url":"https:\/\/www.rri.ro\/wp-content\/uploads\/2024\/06\/Mark-Rutte-Jens-Stoltenberg-sursa-foto-nato-int.jpg","thumbnail_width":960,"thumbnail_height":546,"description":"Holandski premijer Mark Rute bic\u0301e 14. generalni sekretar Severnoatlantskog saveza. On c\u0301e naslediti Norve\u017eanina Jensa Stoltenberga, biv\u0161eg premijera Norve\u0161ke, koji je predvodio Alijansu od 2014. godine. Odluka Severnoatlantskog saveta, glavnog tela NATO-a za dono\u0161enje odluka koje uklju\u010duje predstavnike 32 zemlje \u010dlanice, postala je puka formalnost, nakon \u0161to je poslednji Ruteov protivkandidat, predsednik Rumunije Klaus Johanis [&hellip;]"}